{"id":7,"date":"2017-09-11T13:28:27","date_gmt":"2017-09-11T11:28:27","guid":{"rendered":"http:\/\/www.dewolf.at\/PULSE\/demo-home\/"},"modified":"2025-03-21T17:51:53","modified_gmt":"2025-03-21T16:51:53","slug":"psychotherapie-gleisdorf-mag-klaudia-herler","status":"publish","type":"page","link":"https:\/\/www.herler-gmbh.at\/psychotherapie\/","title":{"rendered":"Home"},"content":{"rendered":"<div id=\"cs-content\" class=\"cs-content\"><div id=\"x-section-1\" class=\"x-section\" style=\"margin: 0px;padding: 45px 0px; background-color: hsl(0, 0%, 100%);\" ><div id=\"\" class=\"x-container max width\" style=\"margin: 0px auto;padding: 0px;\" ><div  class=\"x-column x-sm x-2-3\" style=\"padding: 0px;\" ><hr  class=\"x-gap\" style=\"margin: 40px 0 0 0;\"><div id=\"\" class=\"x-text\" style=\"\" ><p style=\"text-align: center;\"><span style=\"color: #16595e; font-size: xx-large;\"><strong>Willkommen bei <\/strong><\/span><span style=\"color: #16595e; font-size: large;\"><strong>Mag. <\/strong><\/span><span style=\"color: #16595e; font-size: xx-large;\"><strong>Klaudia Herler<\/strong><\/span> <span style=\"color: #16595e; font-size: large;\"><strong>Msc<\/strong><br \/>\n<\/span><\/p>\n<p><a href=\"http:\/\/www.herler-gmbh.at\/psychotherapie\/klaudia-herler-ueber-mich\/\"><img loading=\"lazy\" decoding=\"async\" class=\"size-full wp-image-509 aligncenter\" src=\"http:\/\/www.herler-gmbh.at\/psychotherapie\/wp-content\/uploads\/2018\/10\/Logo-Klaudia-Herler.png\" alt=\"Klaudia Herler Psychotherapie\" width=\"450\" height=\"300\" srcset=\"https:\/\/www.herler-gmbh.at\/psychotherapie\/wp-content\/uploads\/2018\/10\/Logo-Klaudia-Herler.png 450w, https:\/\/www.herler-gmbh.at\/psychotherapie\/wp-content\/uploads\/2018\/10\/Logo-Klaudia-Herler-300x200.png 300w, https:\/\/www.herler-gmbh.at\/psychotherapie\/wp-content\/uploads\/2018\/10\/Logo-Klaudia-Herler-100x67.png 100w\" sizes=\"(max-width: 450px) 100vw, 450px\" \/><\/a><\/p>\n<\/div><hr  class=\"x-gap\" style=\"margin: 40px 0 0 0;\"><div id=\"\" class=\"x-text\" style=\"\" ><h2 class=\"paragraph\" style=\"text-align: center;\"><span style=\"color: #16595e;\"><em><span style=\"font-size: x-large;\">&#8222;Einem Menschen begegnen hei\u00dft,<br \/>\n\u200bvon einem R\u00e4tsel wachgehalten werden&#8220;<\/span><\/em><br \/>\n<em><span style=\"font-size: large;\"><strong>(L\u00e9vinas)<\/strong><\/span><\/em><\/span><\/h2>\n<p><span style=\"color: #16595e; font-size: large;\"><br \/>\n<\/span><\/p>\n<\/div><hr  class=\"x-gap\" style=\"margin: 50px 0 0 0;\"><hr  class=\"x-gap x-hide-xl x-hide-md x-hide-lg\" style=\"margin: 45px 0 0 0;\"><\/div><div  class=\"x-column x-sm x-1-3\" style=\"padding: 0px;\" ><hr  class=\"x-gap\" style=\"margin: 50px 0 0 0;\"><img decoding=\"async\"  class=\"x-img x-img-none\"  src=\"https:\/\/www.herler-gmbh.at\/psychotherapie\/wp-content\/uploads\/2017\/10\/Klaudia_Herler_DSC9172.jpg\" ><div id=\"\" class=\"x-text\" style=\"\" ><p class=\"man\"><strong>KLAUDIA HERLER<\/strong> <em>ist Psychotherapeutin und P\u00e4dagogin, sie leitet Aufstellungen im gesamten deutschsprachigen Raum. <a href=\"http:\/\/www.herler-gmbh.at\/psychotherapie\/klaudia-herler-ueber-mich\/\">&#8230;mehr \u00fcber mich<\/a><\/em><\/p>\n<\/div><hr  class=\"x-hr\" style=\"border-top-width: 1px;width: 100%;\"><h2  class=\"h-custom-headline h3\" ><span>Termin-Vereinbarung<\/span><\/h2><div id=\"\" class=\"x-text\" style=\"\" ><p>Mag. KLAUDIA HERLER<br \/>\nTel.: +43 676 46 36 468<br \/>\nMail:<a href=\"&#109;&#x61;i&#x6c;t&#111;&#x3a;&#107;&#x2e;h&#101;&#x72;&#108;&#x65;r&#x40;&#x68;&#101;&#x72;l&#x65;r&#45;&#x67;&#109;&#x62;h&#46;&#x61;&#116;\"> k&#46;herler&#64;&#104;&#101;&#114;&#108;&#101;&#114;&#45;&#103;&#109;&#x62;&#x68;&#x2e;&#x61;&#x74;<\/a><\/p>\n<\/div><a  class=\"x-btn x-btn-global\"  href=\"http:\/\/www.herler-gmbh.at\/psychotherapie\/anmeldeformular\"     data-options=\"thumbnail: ''\">Online Buchung<\/a><hr  class=\"x-gap x-hide-md x-hide-lg x-hide-xl\" style=\"margin: 45px 0 0 0;\"><\/div><\/div><\/div><div id=\"x-section-2\" class=\"x-section\" style=\"margin: 0px;padding: 45px 0px; background-color: transparent;\" ><div id=\"\" class=\"x-container max width\" style=\"margin: 0px auto;padding: 0px;\" ><div  class=\"x-column x-sm x-1-1\" style=\"padding: 0px;\" >&nbsp;<\/div><\/div><\/div><\/div>\n","protected":false},"excerpt":{"rendered":"","protected":false},"author":1,"featured_media":0,"parent":0,"menu_order":0,"comment_status":"closed","ping_status":"closed","template":"template-blank-4.php","meta":{"footnotes":""},"yoast_head":"<!-- This site is optimized with the Yoast SEO plugin v22.4 - https:\/\/yoast.com\/wordpress\/plugins\/seo\/ -->\n<title>Mag. Klaudia Herler - Ihre Psychotherapeutin in Gleisdorf<\/title>\n<meta name=\"description\" content=\"Bei Krisen, Trauerprozessen, Beziehungsproblemen, psychischen Problemen geht es darum, Leidensdruck zu vermindern, auf psychischer als auch auf k\u00f6rperlicher Ebene. Ich freue mich, Sie in meiner Praxis f\u00fcr Psychotherapie in Gleisdorf begr\u00fc\u00dfen zu d\u00fcrfen.\" \/>\n<meta name=\"robots\" content=\"index, follow, max-snippet:-1, max-image-preview:large, max-video-preview:-1\" \/>\n<link rel=\"canonical\" href=\"https:\/\/www.herler-gmbh.at\/psychotherapie\/\" \/>\n<meta property=\"og:locale\" content=\"de_DE\" \/>\n<meta property=\"og:type\" content=\"article\" \/>\n<meta property=\"og:title\" content=\"Mag. Klaudia Herler - Ihre Psychotherapeutin in Gleisdorf\" \/>\n<meta property=\"og:description\" content=\"Bei Krisen, Trauerprozessen, Beziehungsproblemen, psychischen Problemen geht es darum, Leidensdruck zu vermindern, auf psychischer als auch auf k\u00f6rperlicher Ebene. Ich freue mich, Sie in meiner Praxis f\u00fcr Psychotherapie in Gleisdorf begr\u00fc\u00dfen zu d\u00fcrfen.\" \/>\n<meta property=\"og:url\" content=\"https:\/\/www.herler-gmbh.at\/psychotherapie\/\" \/>\n<meta property=\"og:site_name\" content=\"Klaudia Herler\" \/>\n<meta property=\"article:publisher\" content=\"https:\/\/www.facebook.com\/profile.php?id=100001886465820\" \/>\n<meta property=\"article:modified_time\" content=\"2025-03-21T16:51:53+00:00\" \/>\n<meta property=\"og:image\" content=\"http:\/\/www.herler-gmbh.at\/psychotherapie\/wp-content\/uploads\/2018\/10\/Logo-Klaudia-Herler.png\" \/>\n<meta name=\"twitter:card\" content=\"summary_large_image\" \/>\n<meta name=\"twitter:label1\" content=\"Gesch\u00e4tzte Lesezeit\" \/>\n\t<meta name=\"twitter:data1\" content=\"1\u00a0Minute\" \/>\n<script type=\"application\/ld+json\" class=\"yoast-schema-graph\">{\"@context\":\"https:\/\/schema.org\",\"@graph\":[{\"@type\":\"WebPage\",\"@id\":\"https:\/\/www.herler-gmbh.at\/psychotherapie\/\",\"url\":\"https:\/\/www.herler-gmbh.at\/psychotherapie\/\",\"name\":\"Mag. Klaudia Herler - Ihre Psychotherapeutin in Gleisdorf\",\"isPartOf\":{\"@id\":\"https:\/\/www.herler-gmbh.at\/psychotherapie\/#website\"},\"primaryImageOfPage\":{\"@id\":\"https:\/\/www.herler-gmbh.at\/psychotherapie\/#primaryimage\"},\"image\":{\"@id\":\"https:\/\/www.herler-gmbh.at\/psychotherapie\/#primaryimage\"},\"thumbnailUrl\":\"http:\/\/www.herler-gmbh.at\/psychotherapie\/wp-content\/uploads\/2018\/10\/Logo-Klaudia-Herler.png\",\"datePublished\":\"2017-09-11T11:28:27+00:00\",\"dateModified\":\"2025-03-21T16:51:53+00:00\",\"description\":\"Bei Krisen, Trauerprozessen, Beziehungsproblemen, psychischen Problemen geht es darum, Leidensdruck zu vermindern, auf psychischer als auch auf k\u00f6rperlicher Ebene. Ich freue mich, Sie in meiner Praxis f\u00fcr Psychotherapie in Gleisdorf begr\u00fc\u00dfen zu d\u00fcrfen.\",\"breadcrumb\":{\"@id\":\"https:\/\/www.herler-gmbh.at\/psychotherapie\/#breadcrumb\"},\"inLanguage\":\"de\",\"potentialAction\":[{\"@type\":\"ReadAction\",\"target\":[\"https:\/\/www.herler-gmbh.at\/psychotherapie\/\"]}]},{\"@type\":\"ImageObject\",\"inLanguage\":\"de\",\"@id\":\"https:\/\/www.herler-gmbh.at\/psychotherapie\/#primaryimage\",\"url\":\"https:\/\/www.herler-gmbh.at\/psychotherapie\/wp-content\/uploads\/2018\/10\/Logo-Klaudia-Herler.png\",\"contentUrl\":\"https:\/\/www.herler-gmbh.at\/psychotherapie\/wp-content\/uploads\/2018\/10\/Logo-Klaudia-Herler.png\",\"width\":450,\"height\":300,\"caption\":\"Klaudia Herler Psychotherapie\"},{\"@type\":\"BreadcrumbList\",\"@id\":\"https:\/\/www.herler-gmbh.at\/psychotherapie\/#breadcrumb\",\"itemListElement\":[{\"@type\":\"ListItem\",\"position\":1,\"name\":\"Startseite\",\"item\":\"https:\/\/www.herler-gmbh.at\/psychotherapie\/\"},{\"@type\":\"ListItem\",\"position\":2,\"name\":\"Home\"}]},{\"@type\":\"WebSite\",\"@id\":\"https:\/\/www.herler-gmbh.at\/psychotherapie\/#website\",\"url\":\"https:\/\/www.herler-gmbh.at\/psychotherapie\/\",\"name\":\"Mag. Klaudia Herler - Psychotherapie in Gleisdorf\",\"description\":\"Ihre Psychotherapeutin in Gleisdorf\",\"publisher\":{\"@id\":\"https:\/\/www.herler-gmbh.at\/psychotherapie\/#organization\"},\"alternateName\":\"Klaudia Herler Psychotherapie\",\"potentialAction\":[{\"@type\":\"SearchAction\",\"target\":{\"@type\":\"EntryPoint\",\"urlTemplate\":\"https:\/\/www.herler-gmbh.at\/psychotherapie\/?s={search_term_string}\"},\"query-input\":\"required name=search_term_string\"}],\"inLanguage\":\"de\"},{\"@type\":\"Organization\",\"@id\":\"https:\/\/www.herler-gmbh.at\/psychotherapie\/#organization\",\"name\":\"Mag. Klaudia Herler Psychotherapie Gleisdorf\",\"alternateName\":\"Klaudia Herler Psychotherapie\",\"url\":\"https:\/\/www.herler-gmbh.at\/psychotherapie\/\",\"logo\":{\"@type\":\"ImageObject\",\"inLanguage\":\"de\",\"@id\":\"https:\/\/www.herler-gmbh.at\/psychotherapie\/#\/schema\/logo\/image\/\",\"url\":\"https:\/\/www.herler-gmbh.at\/psychotherapie\/wp-content\/uploads\/2024\/12\/klaudia_herler_psychotherapie_av.jpg\",\"contentUrl\":\"https:\/\/www.herler-gmbh.at\/psychotherapie\/wp-content\/uploads\/2024\/12\/klaudia_herler_psychotherapie_av.jpg\",\"width\":998,\"height\":998,\"caption\":\"Mag. Klaudia Herler Psychotherapie Gleisdorf\"},\"image\":{\"@id\":\"https:\/\/www.herler-gmbh.at\/psychotherapie\/#\/schema\/logo\/image\/\"},\"sameAs\":[\"https:\/\/www.facebook.com\/profile.php?id=100001886465820\",\"https:\/\/www.instagram.com\/klaudiaherler\"]}]}<\/script>\n<!-- \/ Yoast SEO plugin. -->","yoast_head_json":{"title":"Mag. Klaudia Herler - Ihre Psychotherapeutin in Gleisdorf","description":"Bei Krisen, Trauerprozessen, Beziehungsproblemen, psychischen Problemen geht es darum, Leidensdruck zu vermindern, auf psychischer als auch auf k\u00f6rperlicher Ebene. Ich freue mich, Sie in meiner Praxis f\u00fcr Psychotherapie in Gleisdorf begr\u00fc\u00dfen zu d\u00fcrfen.","robots":{"index":"index","follow":"follow","max-snippet":"max-snippet:-1","max-image-preview":"max-image-preview:large","max-video-preview":"max-video-preview:-1"},"canonical":"https:\/\/www.herler-gmbh.at\/psychotherapie\/","og_locale":"de_DE","og_type":"article","og_title":"Mag. Klaudia Herler - Ihre Psychotherapeutin in Gleisdorf","og_description":"Bei Krisen, Trauerprozessen, Beziehungsproblemen, psychischen Problemen geht es darum, Leidensdruck zu vermindern, auf psychischer als auch auf k\u00f6rperlicher Ebene. Ich freue mich, Sie in meiner Praxis f\u00fcr Psychotherapie in Gleisdorf begr\u00fc\u00dfen zu d\u00fcrfen.","og_url":"https:\/\/www.herler-gmbh.at\/psychotherapie\/","og_site_name":"Klaudia Herler","article_publisher":"https:\/\/www.facebook.com\/profile.php?id=100001886465820","article_modified_time":"2025-03-21T16:51:53+00:00","og_image":[{"url":"http:\/\/www.herler-gmbh.at\/psychotherapie\/wp-content\/uploads\/2018\/10\/Logo-Klaudia-Herler.png"}],"twitter_card":"summary_large_image","twitter_misc":{"Gesch\u00e4tzte Lesezeit":"1\u00a0Minute"},"schema":{"@context":"https:\/\/schema.org","@graph":[{"@type":"WebPage","@id":"https:\/\/www.herler-gmbh.at\/psychotherapie\/","url":"https:\/\/www.herler-gmbh.at\/psychotherapie\/","name":"Mag. Klaudia Herler - Ihre Psychotherapeutin in Gleisdorf","isPartOf":{"@id":"https:\/\/www.herler-gmbh.at\/psychotherapie\/#website"},"primaryImageOfPage":{"@id":"https:\/\/www.herler-gmbh.at\/psychotherapie\/#primaryimage"},"image":{"@id":"https:\/\/www.herler-gmbh.at\/psychotherapie\/#primaryimage"},"thumbnailUrl":"http:\/\/www.herler-gmbh.at\/psychotherapie\/wp-content\/uploads\/2018\/10\/Logo-Klaudia-Herler.png","datePublished":"2017-09-11T11:28:27+00:00","dateModified":"2025-03-21T16:51:53+00:00","description":"Bei Krisen, Trauerprozessen, Beziehungsproblemen, psychischen Problemen geht es darum, Leidensdruck zu vermindern, auf psychischer als auch auf k\u00f6rperlicher Ebene. Ich freue mich, Sie in meiner Praxis f\u00fcr Psychotherapie in Gleisdorf begr\u00fc\u00dfen zu d\u00fcrfen.","breadcrumb":{"@id":"https:\/\/www.herler-gmbh.at\/psychotherapie\/#breadcrumb"},"inLanguage":"de","potentialAction":[{"@type":"ReadAction","target":["https:\/\/www.herler-gmbh.at\/psychotherapie\/"]}]},{"@type":"ImageObject","inLanguage":"de","@id":"https:\/\/www.herler-gmbh.at\/psychotherapie\/#primaryimage","url":"https:\/\/www.herler-gmbh.at\/psychotherapie\/wp-content\/uploads\/2018\/10\/Logo-Klaudia-Herler.png","contentUrl":"https:\/\/www.herler-gmbh.at\/psychotherapie\/wp-content\/uploads\/2018\/10\/Logo-Klaudia-Herler.png","width":450,"height":300,"caption":"Klaudia Herler Psychotherapie"},{"@type":"BreadcrumbList","@id":"https:\/\/www.herler-gmbh.at\/psychotherapie\/#breadcrumb","itemListElement":[{"@type":"ListItem","position":1,"name":"Startseite","item":"https:\/\/www.herler-gmbh.at\/psychotherapie\/"},{"@type":"ListItem","position":2,"name":"Home"}]},{"@type":"WebSite","@id":"https:\/\/www.herler-gmbh.at\/psychotherapie\/#website","url":"https:\/\/www.herler-gmbh.at\/psychotherapie\/","name":"Mag. Klaudia Herler - Psychotherapie in Gleisdorf","description":"Ihre Psychotherapeutin in Gleisdorf","publisher":{"@id":"https:\/\/www.herler-gmbh.at\/psychotherapie\/#organization"},"alternateName":"Klaudia Herler Psychotherapie","potentialAction":[{"@type":"SearchAction","target":{"@type":"EntryPoint","urlTemplate":"https:\/\/www.herler-gmbh.at\/psychotherapie\/?s={search_term_string}"},"query-input":"required name=search_term_string"}],"inLanguage":"de"},{"@type":"Organization","@id":"https:\/\/www.herler-gmbh.at\/psychotherapie\/#organization","name":"Mag. Klaudia Herler Psychotherapie Gleisdorf","alternateName":"Klaudia Herler Psychotherapie","url":"https:\/\/www.herler-gmbh.at\/psychotherapie\/","logo":{"@type":"ImageObject","inLanguage":"de","@id":"https:\/\/www.herler-gmbh.at\/psychotherapie\/#\/schema\/logo\/image\/","url":"https:\/\/www.herler-gmbh.at\/psychotherapie\/wp-content\/uploads\/2024\/12\/klaudia_herler_psychotherapie_av.jpg","contentUrl":"https:\/\/www.herler-gmbh.at\/psychotherapie\/wp-content\/uploads\/2024\/12\/klaudia_herler_psychotherapie_av.jpg","width":998,"height":998,"caption":"Mag. Klaudia Herler Psychotherapie Gleisdorf"},"image":{"@id":"https:\/\/www.herler-gmbh.at\/psychotherapie\/#\/schema\/logo\/image\/"},"sameAs":["https:\/\/www.facebook.com\/profile.php?id=100001886465820","https:\/\/www.instagram.com\/klaudiaherler"]}]}},"_links":{"self":[{"href":"https:\/\/www.herler-gmbh.at\/psychotherapie\/wp-json\/wp\/v2\/pages\/7"}],"collection":[{"href":"https:\/\/www.herler-gmbh.at\/psychotherapie\/wp-json\/wp\/v2\/pages"}],"about":[{"href":"https:\/\/www.herler-gmbh.at\/psychotherapie\/wp-json\/wp\/v2\/types\/page"}],"author":[{"embeddable":true,"href":"https:\/\/www.herler-gmbh.at\/psychotherapie\/wp-json\/wp\/v2\/users\/1"}],"replies":[{"embeddable":true,"href":"https:\/\/www.herler-gmbh.at\/psychotherapie\/wp-json\/wp\/v2\/comments?post=7"}],"version-history":[{"count":65,"href":"https:\/\/www.herler-gmbh.at\/psychotherapie\/wp-json\/wp\/v2\/pages\/7\/revisions"}],"predecessor-version":[{"id":722,"href":"https:\/\/www.herler-gmbh.at\/psychotherapie\/wp-json\/wp\/v2\/pages\/7\/revisions\/722"}],"wp:attachment":[{"href":"https:\/\/www.herler-gmbh.at\/psychotherapie\/wp-json\/wp\/v2\/media?parent=7"}],"curies":[{"name":"wp","href":"https:\/\/api.w.org\/{rel}","templated":true}]}}